{"id":486,"date":"2025-12-15T19:25:40","date_gmt":"2025-12-15T19:25:40","guid":{"rendered":"https:\/\/musik.martha-pfaffeneder.com\/?page_id=486"},"modified":"2026-01-27T14:47:53","modified_gmt":"2026-01-27T14:47:53","slug":"jens-karsten-stoll","status":"publish","type":"page","link":"https:\/\/musik.martha-pfaffeneder.com\/?page_id=486","title":{"rendered":"Partner"},"content":{"rendered":"\n<h2 class=\"wp-block-heading\"><strong><strong>JENS-KARSTEN STOLL<\/strong><\/strong><\/h2>\n\n\n\n<figure class=\"wp-block-gallery has-nested-images columns-default is-cropped wp-block-gallery-1 is-layout-flex wp-block-gallery-is-layout-flex\">\n<figure class=\"wp-block-image size-large\"><img loading=\"lazy\" decoding=\"async\" width=\"234\" height=\"250\" data-id=\"493\" src=\"https:\/\/musik.martha-pfaffeneder.com\/wp-content\/uploads\/2025\/12\/jens-stoll.jpg\" alt=\"\" class=\"wp-image-493\"\/><\/figure>\n\n\n\n<figure class=\"wp-block-image size-large\"><img loading=\"lazy\" decoding=\"async\" width=\"166\" height=\"250\" data-id=\"491\" src=\"https:\/\/musik.martha-pfaffeneder.com\/wp-content\/uploads\/2025\/12\/jens_stoll01.jpg\" alt=\"\" class=\"wp-image-491\"\/><\/figure>\n\n\n\n<figure class=\"wp-block-image size-large\"><img loading=\"lazy\" decoding=\"async\" width=\"1024\" height=\"694\" data-id=\"492\" src=\"https:\/\/musik.martha-pfaffeneder.com\/wp-content\/uploads\/2025\/12\/platzhalter-7-1024x694.jpg\" alt=\"\" class=\"wp-image-492\" srcset=\"https:\/\/musik.martha-pfaffeneder.com\/wp-content\/uploads\/2025\/12\/platzhalter-7-1024x694.jpg 1024w, https:\/\/musik.martha-pfaffeneder.com\/wp-content\/uploads\/2025\/12\/platzhalter-7-300x203.jpg 300w, https:\/\/musik.martha-pfaffeneder.com\/wp-content\/uploads\/2025\/12\/platzhalter-7.jpg 1069w\" sizes=\"auto, (max-width: 1024px) 100vw, 1024px\" \/><\/figure>\n<\/figure>\n\n\n\n<p><br>wurde 1965 in Berlin geboren.<br>Von 1982 bis 1987 absolvierte er ein Studium der Korrepetition und Komposition ander Hochschule f\u00fcr Musik \u201eHanns Eisler\u201c in Berlin, an der er seit 1989-2023 einen Lehrauftrag aus\u00fcbte.<\/p>\n\n\n\n<p>Als musikalischer Leiter ist er f\u00fcr zahlreiche Produktionen, so am Berliner Ensemble (\u201eBrotladen\u201c, Regie: Thomas Heise), am Deutschen Theater Berlin (\u201eTrying Othello\u201c, Regie: J\u00fcrgen Kruse), am Maxim Gorki Theater Berlin (\u201eZur\u00fcck zur Natur\u201c, \u201eDa Da<br>Berlin\u201c, Regie: Rainald Grebe), am Hebbel-Theater Berlin (\u201eSaints and Singing\u201c, Regie: Robert Wilson),am Leipziger Centraltheater (\u201eKarl May Festspiele\u201c und \u201eWilde Weite Weltschau\u201c, \u201eGrimms M\u00e4rchen\u201c, Regie: Rainald Grebe), an der Neuk\u00f6llner Oper Berlin, Hamburger Kammerspiele und am Schauspielhaus Hamburg (Soloabend mit Nina Petri), am Thalia-Theater HH (\u201eVolksmusik\u201c, Regie: Rainald Grebe), Schauspiel K\u00f6ln (\u201eDie 5. Jahreszeit\u201c und \u201eEffzeh Effzeh\u201e Regie: R. Grebe),<br>Schauspiel Hannover (\u201eAnadigiding\u201c Regie: R. Grebe), Schaub\u00fchne Berlin (\u201eWestberlin\u201e und \u201eFontane 200\u201e Regie: R. Grebe ), Schauspiel Frankfurt (\u201eFrankfurt\u201c und \u201eStruwwelpeter\u201c Regie: R. Grebe ), Staatsschauspiel Dresden (\u201eZirkus Sarrasani\u201c<br>Regie: R. Grebe ) und Schauspiel Dortmund (\u201eMeine Herzkammer\u201e Regie: R. Grebe) t\u00e4tig. Goetheinstitut Abidjan (Elfenbeink\u00fcste) Bern und Warschau. Musikalische Leitung von \u201eWestberlin\u201c an der Schaub\u00fchne Berlin (Regie: R. Grebe)<\/p>\n\n\n\n<p>Mit Nino Sandow ver\u00f6ffentlichte er zahlreiche CD-Aufnahmen, wie zum Beispiel \u201eBrecht-Majakowski-Hans Albers\u201c, \u201eAlzheimer Chaussee\u201c, \u201eMusik wird niemals langsam\u201e mit Max Goldt und \u201eWinterreise\u201c.<\/p>\n\n\n\n<p>Dar\u00fcber hinaus begleitet er regelm\u00e4\u00dfig S\u00e4nger und Schauspieler, u.a. Martha Pfaffeneder mit \u201eRosenhof \u201e- Seniorenresidenzen-Tournee durch D., Walter Plathe, am Piano, so auch Konzert- Gastspiele in Mexico-City, Guadalajara, Bern und Warschau, Theaterkreuzfahrten mit Nina Petri auf der \u201eMS EUROPA\u201c und \u201eMein Schiff 2\u201c und \u201eMein Schiff 3\u201c.<\/p>\n\n\n\n<p>_________<\/p>\n\n\n\n<h2 class=\"wp-block-heading\"><strong>CHRIS SZACHNOWSKI<\/strong><\/h2>\n\n\n\n<figure class=\"wp-block-gallery has-nested-images columns-default is-cropped wp-block-gallery-2 is-layout-flex wp-block-gallery-is-layout-flex\">\n<figure class=\"wp-block-image size-large\"><img loading=\"lazy\" decoding=\"async\" width=\"450\" height=\"300\" data-id=\"496\" src=\"https:\/\/musik.martha-pfaffeneder.com\/wp-content\/uploads\/2025\/12\/stano.jpg\" alt=\"\" class=\"wp-image-496\" srcset=\"https:\/\/musik.martha-pfaffeneder.com\/wp-content\/uploads\/2025\/12\/stano.jpg 450w, https:\/\/musik.martha-pfaffeneder.com\/wp-content\/uploads\/2025\/12\/stano-300x200.jpg 300w\" sizes=\"auto, (max-width: 450px) 100vw, 450px\" \/><\/figure>\n\n\n\n<figure class=\"wp-block-image size-large\"><img loading=\"lazy\" decoding=\"async\" width=\"450\" height=\"338\" data-id=\"495\" src=\"https:\/\/musik.martha-pfaffeneder.com\/wp-content\/uploads\/2025\/12\/stano01.jpg\" alt=\"\" class=\"wp-image-495\" srcset=\"https:\/\/musik.martha-pfaffeneder.com\/wp-content\/uploads\/2025\/12\/stano01.jpg 450w, https:\/\/musik.martha-pfaffeneder.com\/wp-content\/uploads\/2025\/12\/stano01-300x225.jpg 300w\" sizes=\"auto, (max-width: 450px) 100vw, 450px\" \/><\/figure>\n\n\n\n<figure class=\"wp-block-image size-large\"><img loading=\"lazy\" decoding=\"async\" width=\"1024\" height=\"694\" data-id=\"494\" src=\"https:\/\/musik.martha-pfaffeneder.com\/wp-content\/uploads\/2025\/12\/platzhalter01-6-1024x694.jpg\" alt=\"\" class=\"wp-image-494\" srcset=\"https:\/\/musik.martha-pfaffeneder.com\/wp-content\/uploads\/2025\/12\/platzhalter01-6-1024x694.jpg 1024w, https:\/\/musik.martha-pfaffeneder.com\/wp-content\/uploads\/2025\/12\/platzhalter01-6-300x203.jpg 300w, https:\/\/musik.martha-pfaffeneder.com\/wp-content\/uploads\/2025\/12\/platzhalter01-6.jpg 1069w\" sizes=\"auto, (max-width: 1024px) 100vw, 1024px\" \/><\/figure>\n<\/figure>\n\n\n\n<p><br>geboren&nbsp;1953 in Szczecinek, Polen<\/p>\n\n\n\n<p><strong>Ausbildung:<\/strong><br><strong>1960\u20131968&nbsp;<\/strong>Besuch der staatlichen Musik-Grundschule in Lodz (Polen),&nbsp;Hauptfach Klavier<br><strong>1968\u20131973&nbsp;<\/strong>Besuch der staatlichen Musiklyzeum in Lodz (Polen),&nbsp;Hauptfach Klavier<br><strong>1973\u20131979&nbsp;<\/strong>Musikakademie in Lodz (Polen)<br><strong>Abschluss:&nbsp;<\/strong>Master of art \u2013 Magister der Kunst<\/p>\n\n\n\n<p><strong>Engagements:<\/strong><br><strong>1973&nbsp;<\/strong>Teilnahme an Breslauer Jazzfestival&nbsp;<br><strong>1975\u20131977&nbsp;<\/strong>Pianist bei vielen erfolgreichen polnischen Musikgruppen&nbsp;bei \u201ePolnische Estrada\u201c<br><strong>1976\u20131977&nbsp;<\/strong>Mitarbeit mit der Philharmonie in Lodz sowie Theater- und&nbsp;Filmmusikaufnahmen&nbsp;<br><strong>1977\u20131978<\/strong>&nbsp;Pianist in \u201eUrszula Sipinska Group\u201c , Rundfunkaufnahmen,&nbsp;Schallplatten, Festivals<br><strong>1978\u20131979&nbsp;<\/strong>Pianist in der Band bei Polnische Jazz Verein, Warschau<br><strong>1979\u20131982&nbsp;<\/strong>Pianist im \u201eAlex Band\u201c (Big Band), Konzerte, Festivals,&nbsp;Aufnahmen, Tournee in Europa und auf Cuba&nbsp;(u. A. mit Betty Dorsey, Shirley Bassey)<br><strong>1982&nbsp;<\/strong>Vertragspianist Galaband und Solo in Finnland<br><strong>1983&nbsp;<\/strong>Vertragspianist Galaband und Solo in Norwegen<br><strong>1984\u20131992 &nbsp;<\/strong>Pianist und&nbsp;Musikleiter auf den Schiffen u. A. \u201eRoyal Viking Star\u201c,\u201eRV Sea\u201c, \u201eWestward\u201c, \u201eStella Solaris\u201c, \u201eVistafiord\u201d<br><strong>1922\u20131994&nbsp;<\/strong>Galakonzerte und Aufnahmen (Rundfunk, CD) in Polen&nbsp;und Deutschland<br><strong>1995&nbsp;<\/strong>\u00dcbersiedlung nach Deutschland<\/p>\n\n\n\n<p><strong>Seit 1995<\/strong><\/p>\n\n\n\n<ul class=\"wp-block-list\">\n<li>Musikalischer Leiter des \u201eHartmut Kupka Big Band\u201c in Berlin<\/li>\n\n\n\n<li>Konzerte u.A. mit Karel Gott, Roberto Blanco, Vencke Myhre, Rex Gildo, Andy Borg, Ireen Sheer, Harald Juhnke, Bernard Brink Zus\u00e4tzlich Duette mit Geige oder Vokal (Jazz, Pop, Klassik, Unterhaltungsmusik, Standards, Evergreens)<\/li>\n\n\n\n<li>Rundfunk- und CD- Aufnahmen<\/li>\n<\/ul>\n\n\n\n<p><strong>2002\u00a0<\/strong>Pianist im Rock- Musical \u201eJesus Christ Superstar\u201c European Tournee<br><strong>2003\u00a0<\/strong>Pianist im Rock- Musical \u201eGrease\u201d im Theater des Westens in Berlin<br><strong>2005\u00a0<\/strong>Solo Pianist auf dem Schiff \u201eAIDA Blu\u201d<br><strong>2002\u20132010\u00a0<\/strong>Duo (Klavier + Vokal) und Solo Pianist in verschiedenen Hotels\u00a0(u. A. Hilton, Intercontinental, Maritim, Adlon, Kempinski)<\/p>\n\n\n\n<ul class=\"wp-block-list\">\n<li>Seit 2010: Zusammenarbeit mit Martha Pfaffeneder und Zusammenarbeit mit verschiedenen Musikern\/Projekten.<\/li>\n<\/ul>\n\n\n\n<p>_________<\/p>\n\n\n\n<h2 class=\"wp-block-heading\"><strong>PAUL SCHWINGENSCHL\u00d6GL<\/strong><\/h2>\n\n\n\n<figure class=\"wp-block-gallery has-nested-images columns-default is-cropped wp-block-gallery-3 is-layout-flex wp-block-gallery-is-layout-flex\">\n<figure class=\"wp-block-image size-large\"><img loading=\"lazy\" decoding=\"async\" width=\"200\" height=\"299\" data-id=\"500\" src=\"https:\/\/musik.martha-pfaffeneder.com\/wp-content\/uploads\/2025\/12\/schwingen.jpg\" alt=\"\" class=\"wp-image-500\"\/><\/figure>\n\n\n\n<figure class=\"wp-block-image size-large\"><img loading=\"lazy\" decoding=\"async\" width=\"1024\" height=\"694\" data-id=\"498\" src=\"https:\/\/musik.martha-pfaffeneder.com\/wp-content\/uploads\/2025\/12\/platzhalter-8-1024x694.jpg\" alt=\"\" class=\"wp-image-498\" srcset=\"https:\/\/musik.martha-pfaffeneder.com\/wp-content\/uploads\/2025\/12\/platzhalter-8-1024x694.jpg 1024w, https:\/\/musik.martha-pfaffeneder.com\/wp-content\/uploads\/2025\/12\/platzhalter-8-300x203.jpg 300w, https:\/\/musik.martha-pfaffeneder.com\/wp-content\/uploads\/2025\/12\/platzhalter-8.jpg 1069w\" sizes=\"auto, (max-width: 1024px) 100vw, 1024px\" \/><\/figure>\n\n\n\n<figure class=\"wp-block-image size-large\"><img loading=\"lazy\" decoding=\"async\" width=\"1024\" height=\"694\" data-id=\"499\" src=\"https:\/\/musik.martha-pfaffeneder.com\/wp-content\/uploads\/2025\/12\/platzhalter01-7-1024x694.jpg\" alt=\"\" class=\"wp-image-499\" srcset=\"https:\/\/musik.martha-pfaffeneder.com\/wp-content\/uploads\/2025\/12\/platzhalter01-7-1024x694.jpg 1024w, https:\/\/musik.martha-pfaffeneder.com\/wp-content\/uploads\/2025\/12\/platzhalter01-7-300x203.jpg 300w, https:\/\/musik.martha-pfaffeneder.com\/wp-content\/uploads\/2025\/12\/platzhalter01-7.jpg 1069w\" sizes=\"auto, (max-width: 1024px) 100vw, 1024px\" \/><\/figure>\n<\/figure>\n\n\n\n<p><br><strong>2008\u20132010<\/strong>&nbsp;Organisator der Konzertreihe \u201eSalonmusik\u201c<br><strong>2003\u20132010&nbsp;<\/strong>Mitwirkung als Musiker und Mitorganisator der Konzertreihe \u201eSommer im Park\u201c Berlin<br><strong>2010<\/strong>&nbsp;Ungarntournee mit der Gruppe MANIVOLANTI, Konzerte in ganz Deutschland mit der Pianistin Julie Sasson, Duo Cinema, Afro-Berlin Soundcheck, TABOO \u2026 Auftritt beim Jazzfestival Glauchau mit ABRASAZ<br><strong>2009<\/strong>&nbsp;Konzerte mit MAZALA in Paris<br>Gala-Auftritte mit TABOO in Hamburg und Berlin, Auftragsarbeit COUNTERLBAST<br><strong>2008&nbsp;<\/strong>Konzerttournee mit DUO CINEMA, Auftritte in der \u00f6sterreichischen Botschaft Berlin und im Jazzclub \u201ePorgy &amp; Bess\u201c Wien<br>Konzerte mit dem Haas\/Swing Quintet in Paris<\/p>\n\n\n\n<p><strong>2003\u20132007<\/strong>&nbsp;Konzerttourneen mit den Gruppen TABOO, AFRICAN CHASE EXPERIENCE, Real Latinos und TAKABANDA<br>Auftritt beim \u201eJazz In Progress Festival\u201c R\u00fcsselsheim<br>Auftritt mit seinem eigenen internationalen Quartett (mit Jean-Jacques Avenel, Moriba Koita, Ibrahima Sumano) beim \u201eJazzy Colours\u201c-Festival Paris<br><strong>2002<\/strong>&nbsp;Auftritte beim Jazzfestival \u201eEstate Romana\u201c in Rom und&nbsp; im \u201eCentre Culturel d\u2019Autriche\u201c in Paris mit TAKABANDA und beim \u201eINNtoene Festival\u201c in \u00d6sterreich mit seiner Band COUNTERBLAST 11<br>Auff\u00fchrung von \u201eTransglobal Counterblast\u201c zur Er\u00f6ffnung des Jazzfests Potsdam mit Musikern aus vier Kontinenten<br>Organisation des internationalen Projekts \u201eGlobal Village\u201c, Jazztage Leipzig, Jazzfest Brandenburg<br><strong>1999\u20132000&nbsp;<\/strong>Mitwirkung als Musiker (Trompete, Klavier) am Landestheater Neustrelitz bei der Produktion und Auff\u00fchrung des Musicals \u201eBlack Rider\u201c<br><strong>1998\u20131999<\/strong>&nbsp;Gr\u00fcndung der Neuk\u00f6llner MusikerInnen Initiative, Organisation eines zweit\u00e4tigen Festivals<br><strong>1996&nbsp;<\/strong>Auftritt mit dem Manfred Schulze Bl\u00e4ser Quintettt beim Jazzfest Berlin<br><strong>1994<\/strong>&nbsp;Organisator des Wien \u2013 Berlin Festivals<br>Intensive Zusammenarbeit mit der Theatergruppe ZATA,<br>Tourneen u.a. nach Taschkent, Usbekistan zum internationalen Theaterfestival<br>Zweiw\u00f6chige DDR-Tournee mit dem Gitarristen Alfred Polansky aus Wien<br><strong>1996&nbsp;<\/strong>Auftritt mit dem legend\u00e4ren Gil Evans Orchestra beim Jazzfest Wien<\/p>\n\n\n\n<p><strong>Preise und F\u00f6rderungen<\/strong><br><strong>2007&nbsp;<\/strong>Studiopreis f\u00fcr Musik des Berliner Senats mit der Gruppe ABRASAZ<br><strong>2000<\/strong>&nbsp;Senatsf\u00f6rderung f\u00fcr das dreit\u00e4gige Festival \u201eTransglobal Counterblast\u201c mit Auftritten von Musikern aus mehr als zehn L\u00e4ndern<br><strong>1999&nbsp;<\/strong>Auslandsstipendium f\u00fcr Paris im Rahmen der personengebunden Jazzf\u00f6rderung, Konzerte beim franz\u00f6sischen Rundfunk \u201eRadio France\u201c, im \u201eCentre Culturel d\u2019Autriche\u201c und bei \u201eJazz \u00e0 Mulhouse\u201c<br><strong>1996\u20131997<\/strong>&nbsp;Kompositionsstipendium des Berliner Senats im Rahmen der personengebundenen Jazzf\u00f6rderung<br><strong>1989&nbsp;<\/strong>Studiopreis f\u00fcr Musik des Berliner Senats<br><strong>1985<\/strong>&nbsp;Kompositionspreis f\u00fcr das renommierte Bl\u00e4serensemble TRANS (Nieder\u00f6sterreich) f\u00fcr zeitgen\u00f6ssische Musik<\/p>\n\n\n\n<p><strong>CD \u2013 Produktionen<\/strong><br><strong>2008<\/strong>&nbsp;ABRASAZ \u201eBiraminket\u201c, jw records 045<br><strong>2007<\/strong>&nbsp;TAKABANDA \u201eFructus Spiritus\u201c, Konnex 5187<br>\u201eDieter Arnold Sputnik Project\u201c bei rucilo records<br>&nbsp;AFRICAN CHASE EXPERIENCE \u201eAdouna\u201c, Bolibana<br>&nbsp;\u201eLouis XIV love trance\u201c mit dem Marc Sarrazy Quartet<br><strong>2001<\/strong>&nbsp;TAKABANDA \u201eLa Leggenda del Pescatore\u201c, J4E 4752<br>TAKABANDA \u201eOra Imprecisa\u201c, yvp music 3055<br>\u201eKonzertino\u201c mit dem Manfred Schulze Bl\u00e4ser Quintett, \u201eK\u00f6nig Kacke Concert Spectacle\u201c, nebelhorn 028<br><strong>1990&nbsp;<\/strong>Ver\u00f6ffentlichung der CD \u201eOstkreuz\u201c<br><strong>1989<\/strong>&nbsp;LP \u201eKontrom \/ Grenzenlos\u201c<\/p>\n\n\n\n<p><strong>Ausbildung<\/strong><br>Autodidakt, Privatunterricht bei Franz Koglmann in Wien und Jean-Francois Canape in Paris<\/p>\n\n\n\n<p>_________<\/p>\n\n\n\n<h2 class=\"wp-block-heading\"><strong>FLORIAN FRIES<\/strong><\/h2>\n\n\n\n<figure class=\"wp-block-gallery has-nested-images columns-default is-cropped wp-block-gallery-4 is-layout-flex wp-block-gallery-is-layout-flex\">\n<figure class=\"wp-block-image size-large\"><img loading=\"lazy\" decoding=\"async\" width=\"200\" height=\"252\" data-id=\"512\" src=\"https:\/\/musik.martha-pfaffeneder.com\/wp-content\/uploads\/2025\/12\/fries.jpg\" alt=\"\" class=\"wp-image-512\"\/><\/figure>\n\n\n\n<figure class=\"wp-block-image size-large\"><img loading=\"lazy\" decoding=\"async\" width=\"1024\" height=\"694\" data-id=\"514\" src=\"https:\/\/musik.martha-pfaffeneder.com\/wp-content\/uploads\/2025\/12\/platzhalter-9-1024x694.jpg\" alt=\"\" class=\"wp-image-514\" srcset=\"https:\/\/musik.martha-pfaffeneder.com\/wp-content\/uploads\/2025\/12\/platzhalter-9-1024x694.jpg 1024w, https:\/\/musik.martha-pfaffeneder.com\/wp-content\/uploads\/2025\/12\/platzhalter-9-300x203.jpg 300w, https:\/\/musik.martha-pfaffeneder.com\/wp-content\/uploads\/2025\/12\/platzhalter-9.jpg 1069w\" sizes=\"auto, (max-width: 1024px) 100vw, 1024px\" \/><\/figure>\n\n\n\n<figure class=\"wp-block-image size-large\"><img loading=\"lazy\" decoding=\"async\" width=\"1024\" height=\"694\" data-id=\"513\" src=\"https:\/\/musik.martha-pfaffeneder.com\/wp-content\/uploads\/2025\/12\/platzhalter01-8-1024x694.jpg\" alt=\"\" class=\"wp-image-513\" srcset=\"https:\/\/musik.martha-pfaffeneder.com\/wp-content\/uploads\/2025\/12\/platzhalter01-8-1024x694.jpg 1024w, https:\/\/musik.martha-pfaffeneder.com\/wp-content\/uploads\/2025\/12\/platzhalter01-8-300x203.jpg 300w, https:\/\/musik.martha-pfaffeneder.com\/wp-content\/uploads\/2025\/12\/platzhalter01-8.jpg 1069w\" sizes=\"auto, (max-width: 1024px) 100vw, 1024px\" \/><\/figure>\n<\/figure>\n\n\n\n<p><br><strong>1995\u201399<\/strong>&nbsp;Pianist\/Cembalist\/Organist des Barock-Ensembles&nbsp;FIORI MUSICALI; Solist bei<br>&#8211;&nbsp;&nbsp;&nbsp;&nbsp;&nbsp;&nbsp;&nbsp;Orgelkonzerten von G.F. H\u00e4ndel,&nbsp;&nbsp;<br>&#8211;&nbsp;&nbsp;&nbsp;&nbsp;&nbsp;&nbsp;&nbsp;Brandenburgisches Konzert Nr. 5<br>&#8211;&nbsp;&nbsp;&nbsp;&nbsp;&nbsp;&nbsp;&nbsp;Klavier-Doppelkonzert BWV 1060<\/p>\n\n\n\n<p><strong>1999\u20132001&nbsp;<\/strong>Korrepetitor und Pianist des Privattheater Konradhaus in Koblenz<br>(Einstudierung und Auff\u00fchrung verschiedener Chansonabende und&nbsp;musikalischer Revuen)<br><strong>2003\u201306<\/strong>&nbsp;Musikstudium mit Hauptfach Klavier in Heidelberg<br><strong>seit 2003<\/strong>&nbsp;Pianist von Johannes Heesters (Klavierbegleitung bei dessen Fernseh- und B\u00fchnenauftritten)<br><strong>2005<\/strong>&nbsp;Pianist in der ARD-Serie ABENTEUER 1927 \u2013 LEBEN IM GUTSHAUS<br>Wohn- und Studienortwechsel nach Berlin<br><strong>seit 2006<\/strong>&nbsp;regelm\u00e4\u00dfige Klavierbegleitung in verschiedenen Unterhaltungssendungen der ARD, unter anderem bei IMMER WIEDER SONNTAGS<br><strong>seit 2007<\/strong>&nbsp;deutschlandweit Klavierauftritte mit klassischen Solo-Programmen<br>Klavierbegleiter verschiedener Opern- und Operettens\u00e4nger (u. a. Heiko Reissig, Waltraut Haas)<br><strong>2008<\/strong>&nbsp;Klavier-Soloabende in Kopenhagen, Stockholm und St. Petersburg<br>Produktion der ersten Solo-CD PIANO POP mit gr\u00f6\u00dftenteils eigenen&nbsp;Klavierkompositionen (erschienen bei Mojoman Records)<br><strong>seit 2008<\/strong>&nbsp;Klavierbegleiter der Musicals\u00e4ngerin Katrin Wiedmann und Mitwirkung an deren Solo-Kabarett-Programm FRAUENSACHEN (Auftritte in Deutschland, \u00d6sterreich und der Schweiz)<br><strong>2008\u201309<\/strong>&nbsp;Pianist und Arrangeur des Berliner Vokalensembles TCHAP (\u201eThe Comedian Harmonists Project\u201c); u. a. Auftritte in \u00d6sterreich, Holland sowie in der Komischen Oper Berlin<br><strong>2009<\/strong>&nbsp;erste Zusammenarbeit mit dem Dramatiker und Schriftsteller Rolf Hochhuth; Komposition der Schauspielmusik f\u00fcr dessen Drama SOMMER 14<br><strong>2010<\/strong>&nbsp;Komposition des Musicals INSELKOM\u00d6DIE (nach einer Textvorlage von Rolf Hochhuth)<br>Urauff\u00fchrung der INSELKOM\u00d6DIE im August 2010 im BERLINER ENSEMBLE (Musikalische Leitung, Produktionsleitung, Dirigat)<br><strong>2011<\/strong>&nbsp;Musikalische Leitung des Theaters am Kurf\u00fcrstendamm Berlin im Rahmen der Produktion DER BLAUE ENGEL<br>(Komposition der Schauspielmusiken, musikalische Einrichtung und Mitwirkung als Pianist und Darsteller auf der B\u00fchne)<br>Klassische Solokonzerte im In- und Ausland; Konzerte in Schulen unter dem Titel KLASSIK ALS ERLEBNIS F\u00dcR SCH\u00dcLER<br><strong>seit 2011<\/strong>&nbsp;Pianist des Schauspielers Walter Plathe<br>Klavierbegleitung bei dessen Solo-Programmen (Otto-Reuter-Abend, Benatzky-Abend und Tucholskyabend)<br>Klavierbegleitung von Martha Pfaffeneder<\/p>\n\n\n\n<p>_________<\/p>\n\n\n\n<h2 class=\"wp-block-heading\"><strong>VOLKER JAEKEL<\/strong><\/h2>\n\n\n\n<figure class=\"wp-block-gallery has-nested-images columns-default is-cropped wp-block-gallery-5 is-layout-flex wp-block-gallery-is-layout-flex\">\n<figure class=\"wp-block-image size-large\"><img loading=\"lazy\" decoding=\"async\" width=\"134\" height=\"184\" data-id=\"518\" src=\"https:\/\/musik.martha-pfaffeneder.com\/wp-content\/uploads\/2025\/12\/Volker-Jaekel_01.jpg\" alt=\"\" class=\"wp-image-518\"\/><\/figure>\n\n\n\n<figure class=\"wp-block-image size-large\"><img loading=\"lazy\" decoding=\"async\" width=\"1024\" height=\"694\" data-id=\"517\" src=\"https:\/\/musik.martha-pfaffeneder.com\/wp-content\/uploads\/2025\/12\/platzhalter-10-1024x694.jpg\" alt=\"\" class=\"wp-image-517\" srcset=\"https:\/\/musik.martha-pfaffeneder.com\/wp-content\/uploads\/2025\/12\/platzhalter-10-1024x694.jpg 1024w, https:\/\/musik.martha-pfaffeneder.com\/wp-content\/uploads\/2025\/12\/platzhalter-10-300x203.jpg 300w, https:\/\/musik.martha-pfaffeneder.com\/wp-content\/uploads\/2025\/12\/platzhalter-10.jpg 1069w\" sizes=\"auto, (max-width: 1024px) 100vw, 1024px\" \/><\/figure>\n\n\n\n<figure class=\"wp-block-image size-large\"><img loading=\"lazy\" decoding=\"async\" width=\"1024\" height=\"694\" data-id=\"519\" src=\"https:\/\/musik.martha-pfaffeneder.com\/wp-content\/uploads\/2025\/12\/platzhalter01-9-1024x694.jpg\" alt=\"\" class=\"wp-image-519\" srcset=\"https:\/\/musik.martha-pfaffeneder.com\/wp-content\/uploads\/2025\/12\/platzhalter01-9-1024x694.jpg 1024w, https:\/\/musik.martha-pfaffeneder.com\/wp-content\/uploads\/2025\/12\/platzhalter01-9-300x203.jpg 300w, https:\/\/musik.martha-pfaffeneder.com\/wp-content\/uploads\/2025\/12\/platzhalter01-9.jpg 1069w\" sizes=\"auto, (max-width: 1024px) 100vw, 1024px\" \/><\/figure>\n<\/figure>\n\n\n\n<p><br>Geboren in Th\u00fcringen<\/p>\n\n\n\n<p>Klavier, Orgel und Kapellmeisterstudium in Halle\/Saale, Leipzig, Weimar und Berlin u.a. bei Michael Pohl (Domorganist Berliner Dom), Christoph Biller (Thomanerchor Leipzig), GMD Hans-J\u00f6rg Leipold (Oper Leipzig), Reggie Moore und Aki Takase (Berlin).<\/p>\n\n\n\n<p><strong>Seit 1985<\/strong>&nbsp;Konzertt\u00e4tigkeit als Pianist und Organist.<br>Solokonzerte Piano und Orgel (CD \u2013 solo-piano, \u201eimpressions\u201c)<br><strong>2002<\/strong>&nbsp;Solo am \u201eNeo-Bechstein\u201c beim Kryptonale-Festival Berlin&nbsp; (ARTE \u2013 Feature).<br>Zusammenarbeit auf CD\u2019s und Tourneen mit Elke Schneider (Orgel), Tunji Beier (Percussion), Itacyr Bocato (Posaune), Peter Koch (Cello), Albert Roman (Cello), Uli Moritz (Percussion), Ray Kaszynski (Percussion), Carlos Bica (Kontrabass), Achim Metz (Kontrabass), Andreas Walter&nbsp; (E-Bass ), Ralf Zickerick (Posaune), Iain Ballamy (Saxophon), Barbara Buchholz (Theremin), Dorit Chrysler (Theremin), Enrique Diaz (Kontrabass), Markus Stockhausen (Trompete), Zoltan Lantos (Violine), Terje Isungset (Drums), Joshua Tinwa (Drums), Satsuki Odamura (Koto), Ganesan Ponniah (Tavil) u. a.<\/p>\n\n\n\n<p><strong>Von 1994 bis 1998<\/strong>&nbsp;als Pianist und Komponist t\u00e4tig f\u00fcr das Choralgrafische Theater Heidelberg unter Heinz Grasm\u00fcck.<br><strong>Seit 1998<\/strong>&nbsp;als Pianist, Arrangeur und Komponist in Berlin in diversen Chanson und Kabarettprogrammen u. a. mit:<\/p>\n\n\n\n<figure class=\"wp-block-table\"><table class=\"has-fixed-layout\"><tbody><tr><td class=\"has-text-align-left\" data-align=\"left\">Cora Chilcott&nbsp;<\/td><td class=\"has-text-align-left\" data-align=\"left\">(Chansons einer Dame im Schatten)<\/td><\/tr><tr><td class=\"has-text-align-left\" data-align=\"left\">Karin Gante&nbsp;<\/td><td class=\"has-text-align-left\" data-align=\"left\">(Liebe und \u00e4hnliche Mi\u00dfverst\u00e4ndnisse)<\/td><\/tr><tr><td class=\"has-text-align-left\" data-align=\"left\">Jana Haase&nbsp;&nbsp;&nbsp;&nbsp;<\/td><td class=\"has-text-align-left\" data-align=\"left\">(Zwei fliegen mit einem Fl\u00fcgel)<\/td><\/tr><tr><td class=\"has-text-align-left\" data-align=\"left\">Friederike Haas<\/td><td class=\"has-text-align-left\" data-align=\"left\">(Care \u2013 Projekt)<\/td><\/tr><tr><td class=\"has-text-align-left\" data-align=\"left\">Ganz sch\u00f6ne Ger\u00e4uschkulisse&nbsp;<\/td><td class=\"has-text-align-left\" data-align=\"left\">(Schnitzeljagd)<\/td><\/tr><\/tbody><\/table><\/figure>\n\n\n\n<p><strong>Seit 1997<\/strong>&nbsp;Zusammenarbeit mit Matthias Bolz (Malerei, Projektion) im Projekt \u201eLichtpiano\u201c und mit Iris Sputh (Tanz) im Projekt \u201eTastentanz\u201c<br><strong>1998<\/strong>&nbsp;Gr\u00fcndung des Berliner Organistenduos mit Elke Schneider\/Orgel.<br><strong>1999<\/strong>&nbsp;Gr\u00fcndung seines Trios \u201eSpace of Colours\u201c mit Tunji Beier ( Percussion ) und Itacyr Bocato (Posaune).<br><strong>2003<\/strong>&nbsp;\u2013 Volker Jaekel Band mit Ralf Zickerick (Posaune), Uli Moritz&nbsp; (Percussion) und Volker Jaekel ( Piano ). CD&nbsp; \u2013 \u201eLive&nbsp; 01\u201c .<br><strong>2004<\/strong>&nbsp;Duo \u201eJaekel &amp; Moritz\u201c \u2013 Das Duo f\u00fcr instrumentale Unterwanderung.<\/p>\n\n\n\n<p>Konzerttourneen und Festivals in Polen, Tschechien, Ungarn, \u00d6sterreich, Schweiz, Holland, D\u00e4nemark, Brasilien, Australien, Japan, Indien und Vietnam.<\/p>\n\n\n\n<p>_________<\/p>\n\n\n\n<h2 class=\"wp-block-heading\"><strong>HEIKE GENTSCH<\/strong><\/h2>\n\n\n\n<figure class=\"wp-block-gallery has-nested-images columns-default is-cropped wp-block-gallery-6 is-layout-flex wp-block-gallery-is-layout-flex\">\n<figure class=\"wp-block-image size-large\"><img loading=\"lazy\" decoding=\"async\" width=\"175\" height=\"250\" data-id=\"521\" src=\"https:\/\/musik.martha-pfaffeneder.com\/wp-content\/uploads\/2025\/12\/Heike_Gentsch.jpg\" alt=\"\" class=\"wp-image-521\"\/><\/figure>\n\n\n\n<figure class=\"wp-block-image size-large\"><img loading=\"lazy\" decoding=\"async\" width=\"1024\" height=\"694\" data-id=\"522\" src=\"https:\/\/musik.martha-pfaffeneder.com\/wp-content\/uploads\/2025\/12\/platzhalter-11-1024x694.jpg\" alt=\"\" class=\"wp-image-522\" srcset=\"https:\/\/musik.martha-pfaffeneder.com\/wp-content\/uploads\/2025\/12\/platzhalter-11-1024x694.jpg 1024w, https:\/\/musik.martha-pfaffeneder.com\/wp-content\/uploads\/2025\/12\/platzhalter-11-300x203.jpg 300w, https:\/\/musik.martha-pfaffeneder.com\/wp-content\/uploads\/2025\/12\/platzhalter-11.jpg 1069w\" sizes=\"auto, (max-width: 1024px) 100vw, 1024px\" \/><\/figure>\n\n\n\n<figure class=\"wp-block-image size-large\"><img loading=\"lazy\" decoding=\"async\" width=\"1024\" height=\"694\" data-id=\"523\" src=\"https:\/\/musik.martha-pfaffeneder.com\/wp-content\/uploads\/2025\/12\/platzhalter01-10-1024x694.jpg\" alt=\"\" class=\"wp-image-523\" srcset=\"https:\/\/musik.martha-pfaffeneder.com\/wp-content\/uploads\/2025\/12\/platzhalter01-10-1024x694.jpg 1024w, https:\/\/musik.martha-pfaffeneder.com\/wp-content\/uploads\/2025\/12\/platzhalter01-10-300x203.jpg 300w, https:\/\/musik.martha-pfaffeneder.com\/wp-content\/uploads\/2025\/12\/platzhalter01-10.jpg 1069w\" sizes=\"auto, (max-width: 1024px) 100vw, 1024px\" \/><\/figure>\n<\/figure>\n\n\n\n<p><br>geb. in Dresden<\/p>\n\n\n\n<p>Ausbildung als Buchh\u00e4ndlerin<\/p>\n\n\n\n<p><strong>1988\u201390<\/strong>&nbsp;Studium klassischer Gesang an der Hochschule f\u00fcr Musik, \u201eCarl Maria v.&nbsp;Weber\u201c, Dresden<br><strong>1990\u201394<\/strong>&nbsp;Studium Gesang Popularmusik (Jazz, Pop,&nbsp; Musical, Chanson) an derHochschule f\u00fcr Musik \u201eHanns Eisler\u201c Berlin; Staatsexamen als S\u00e4ngerin<\/p>\n\n\n\n<p><strong>1994\u201396<\/strong>&nbsp;<\/p>\n\n\n\n<p>&#8211; &nbsp;Zusatzstudium f\u00fcr Gesangsp\u00e4dagogik<br>&#8211;&nbsp;&nbsp;Tanz- und Rhythmusausbildung<\/p>\n\n\n\n<p><strong>von 1988 bis 1998:<\/strong><\/p>\n\n\n\n<p>&#8211;&nbsp; Stadttheater Senftenberg als S\u00e4ngerin \/Darstellerin<br>&#8211;&nbsp; Friedrichstadtpalast Berlin (Revue \u201eWie ein Vogel schwerelos\u201c u. a.)<br>&#8211;&nbsp; Kleist-Theater Frankfurt (Hauptrolle in Tanzschauspiel \u201eKleistiana\u201c)<br>&#8211;&nbsp; B\u00fchnen der Stadt Gera (\u201eWest Side Story\u201c)<br>&#8211;&nbsp; Metropoltheater Berlin (\u201eWest Side Story\u201c u. a.)<br>&#8211;&nbsp; Musikalische Kom\u00f6die der Oper Leipzig (\u201eLa Perichole\u201c,\u201eWest Side Story\u201c)<br>&#8211;&nbsp; Wintergarten-Variet\u00e8 Berlin<br>&#8211;&nbsp; Variet\u00e8 Cham\u00e4leon<br>&#8211;&nbsp; Stadttheater Brandenburg<br>&#8211;&nbsp; als Gast Musicaldarstellerin in verschiedenen Produktionen (z.B.\u201eKleiner Horrorladen\u201c, \u201eMagic Panties\u201c &#8230;)<br>&#8211;&nbsp; Theater des Lachens Berlin (\u201eMacbeth\u201c)<br>&#8211;&nbsp; als S\u00e4ngerin f\u00fcr Trickfilm-Synchronisation: (u. a. \u201eAladin\u201c, \u201ePrinz von \u00c4gypten\u201c, \u201ePhantom der Oper\u201c, \u201eDer K\u00f6nig und ich\u201c)<br>&#8211;&nbsp; Konzerte+ Auftritte (Jazz- u. Improvisationsgesang) u. a. mit Jeffrey L. Mills<br>&#8211;&nbsp; Performances und a- capella- Projekte u. a. Folklore aus aller Welt (Duo \u201eBenedetta\u201c mit Barbara Klehr)<br>&#8211;&nbsp; Chansonabend \u00fcber Erich K\u00e4stner mit Raiko Thal (Fernsehmoderator)<br>&#8211;&nbsp; eigene Performance \u201eWas hei\u00dft Liebe..\u201c (Gesang\/Schauspiel\/Tanz)<\/p>\n\n\n\n<p><strong>seit 1998<\/strong> T\u00e4tigkeit als Stimmbildnerin\/Gesangslehrerin, freiberuflich und in verschiedenen Einrichtungen<br><strong>seit 2004<\/strong> Dozentin an der B\u00fchnenkunst-Schule \u201eAcademy\u201c in Berlin | Gesangsworkshops und Seminare (Stimme, Atem, Bewegung) | Leiterin eines Chores<\/p>\n\n\n\n<p><\/p>\n","protected":false},"excerpt":{"rendered":"<p>JENS-KARSTEN STOLL wurde 1965 in Berlin geboren.Von 1982 bis 1987 absolvierte er ein Studium der Korrepetition und Komposition ander Hochschule f\u00fcr Musik \u201eHanns Eisler\u201c in Berlin, an der er seit 1989-2023 einen Lehrauftrag aus\u00fcbte. Als musikalischer Leiter ist er f\u00fcr zahlreiche Produktionen, so am Berliner Ensemble (\u201eBrotladen\u201c, Regie: Thomas Heise), am Deutschen Theater Berlin (\u201eTrying &hellip; <\/p>\n<p class=\"link-more\"><a href=\"https:\/\/musik.martha-pfaffeneder.com\/?page_id=486\" class=\"more-link\">Mehr <span class=\"screen-reader-text\">\u00fcber &#8222;Partner&#8220; <\/span>Lesen<\/a><\/p>\n","protected":false},"author":1,"featured_media":0,"parent":0,"menu_order":0,"comment_status":"closed","ping_status":"closed","template":"","meta":{"_inspiro_hide_title":false,"footnotes":""},"class_list":["post-486","page","type-page","status-publish","hentry"],"_links":{"self":[{"href":"https:\/\/musik.martha-pfaffeneder.com\/index.php?rest_route=\/wp\/v2\/pages\/486","targetHints":{"allow":["GET"]}}],"collection":[{"href":"https:\/\/musik.martha-pfaffeneder.com\/index.php?rest_route=\/wp\/v2\/pages"}],"about":[{"href":"https:\/\/musik.martha-pfaffeneder.com\/index.php?rest_route=\/wp\/v2\/types\/page"}],"author":[{"embeddable":true,"href":"https:\/\/musik.martha-pfaffeneder.com\/index.php?rest_route=\/wp\/v2\/users\/1"}],"replies":[{"embeddable":true,"href":"https:\/\/musik.martha-pfaffeneder.com\/index.php?rest_route=%2Fwp%2Fv2%2Fcomments&post=486"}],"version-history":[{"count":26,"href":"https:\/\/musik.martha-pfaffeneder.com\/index.php?rest_route=\/wp\/v2\/pages\/486\/revisions"}],"predecessor-version":[{"id":708,"href":"https:\/\/musik.martha-pfaffeneder.com\/index.php?rest_route=\/wp\/v2\/pages\/486\/revisions\/708"}],"wp:attachment":[{"href":"https:\/\/musik.martha-pfaffeneder.com\/index.php?rest_route=%2Fwp%2Fv2%2Fmedia&parent=486"}],"curies":[{"name":"wp","href":"https:\/\/api.w.org\/{rel}","templated":true}]}}