{"id":357,"date":"2025-12-13T18:59:42","date_gmt":"2025-12-13T18:59:42","guid":{"rendered":"https:\/\/musik.martha-pfaffeneder.com\/?page_id=357"},"modified":"2025-12-13T19:04:57","modified_gmt":"2025-12-13T19:04:57","slug":"vita","status":"publish","type":"page","link":"https:\/\/musik.martha-pfaffeneder.com\/?page_id=357","title":{"rendered":"Vita"},"content":{"rendered":"\n<p>MARTHA PFAFFENEDER wurde nahe Wien geboren und lebt seit 1996 in Berlin.<\/p>\n\n\n\n<figure class=\"wp-block-gallery has-nested-images columns-default is-cropped wp-block-gallery-1 is-layout-flex wp-block-gallery-is-layout-flex\">\n<figure class=\"wp-block-image size-large\"><img loading=\"lazy\" decoding=\"async\" width=\"421\" height=\"600\" data-id=\"364\" src=\"https:\/\/musik.martha-pfaffeneder.com\/wp-content\/uploads\/2025\/12\/marthaknef01-3.jpg\" alt=\"\" class=\"wp-image-364\" srcset=\"https:\/\/musik.martha-pfaffeneder.com\/wp-content\/uploads\/2025\/12\/marthaknef01-3.jpg 421w, https:\/\/musik.martha-pfaffeneder.com\/wp-content\/uploads\/2025\/12\/marthaknef01-3-211x300.jpg 211w\" sizes=\"auto, (max-width: 421px) 100vw, 421px\" \/><\/figure>\n\n\n\n<figure class=\"wp-block-image size-large\"><img loading=\"lazy\" decoding=\"async\" width=\"400\" height=\"600\" data-id=\"363\" src=\"https:\/\/musik.martha-pfaffeneder.com\/wp-content\/uploads\/2025\/12\/marthaknef02-3.jpg\" alt=\"\" class=\"wp-image-363\" srcset=\"https:\/\/musik.martha-pfaffeneder.com\/wp-content\/uploads\/2025\/12\/marthaknef02-3.jpg 400w, https:\/\/musik.martha-pfaffeneder.com\/wp-content\/uploads\/2025\/12\/marthaknef02-3-200x300.jpg 200w\" sizes=\"auto, (max-width: 400px) 100vw, 400px\" \/><\/figure>\n\n\n\n<figure class=\"wp-block-image size-large\"><img loading=\"lazy\" decoding=\"async\" width=\"400\" height=\"600\" data-id=\"362\" src=\"https:\/\/musik.martha-pfaffeneder.com\/wp-content\/uploads\/2025\/12\/marthaknef03-3.jpg\" alt=\"\" class=\"wp-image-362\" srcset=\"https:\/\/musik.martha-pfaffeneder.com\/wp-content\/uploads\/2025\/12\/marthaknef03-3.jpg 400w, https:\/\/musik.martha-pfaffeneder.com\/wp-content\/uploads\/2025\/12\/marthaknef03-3-200x300.jpg 200w\" sizes=\"auto, (max-width: 400px) 100vw, 400px\" \/><\/figure>\n<\/figure>\n\n\n\n<p><\/p>\n\n\n\n<p>Sie genoss seit Kinderjahren Gesangsunterricht, erhielt ihre Schauspielausbildung u.a. am Theater Zerbrochenes Fenster in Berlin; Privatunterricht bei Erich Schwarz, Jens Roth; nahm Sprech- und Stimmbildung und besuchte die Filmschule Coaching Company Berlin.<\/p>\n\n\n\n<p>Neben Film- und Fernseharbeit, u.a. in den Filmen \u201eTodesengel\u201c, \u201eDie Liebe und ihr Preis\u201c, \u201eEchte M\u00e4nner?\u201c, \u201eFlammenmann\u201c, war sie auch auf der Theaterb\u00fchne zu sehen, so in St\u00fccken wie \u201eEmilia Galotti\u201c, \u201eMode, M\u00e4nner und Millionen\u201c, \u201eAmphitryon\u201c, \u201eDer kleine Prinz\u201c, \u201eDas Leben im stillen Haus\u201c, bei der Tanzperformance \u201eD\u00e9shabiller la silence\u201c, etc.<\/p>\n\n\n\n<p>Seit 2000 arbeitet sie selbstst\u00e4ndig als freischaffende K\u00fcnstlerin und setzte ihre Schwerpunkte in musikalisch-literarische Programme, mit denen sie in Theatern und Kulturvereinen in Berlin (UFA-Fabrik, BKA-Theater), in ganz Deutschland sowie im Ausland unterwegs ist.<\/p>\n\n\n\n<p>Mit Chansonprogrammen (Zarah Leander, Hildegard Knef, Die goldenen Zwanziger Jahre), Lesungen (Ingeborg Bachmann, Inge M\u00fcller, Ernst Jandl), Jahreszeitenprogrammen (Fr\u00fchlingserwachen, Sommerschlager, Weihnachtstr\u00e4umerei) und \u00d6sterreichisches Kabarett, vom Wiener Lied bis schwarzen Humor (Georg Kreisler, Ludwig Hirsch) zeigt sie ihre k\u00fcnstlerische Vielseitigkeit.<\/p>\n","protected":false},"excerpt":{"rendered":"<p>MARTHA PFAFFENEDER wurde nahe Wien geboren und lebt seit 1996 in Berlin. Sie genoss seit Kinderjahren Gesangsunterricht, erhielt ihre Schauspielausbildung u.a. am Theater Zerbrochenes Fenster in Berlin; Privatunterricht bei Erich Schwarz, Jens Roth; nahm Sprech- und Stimmbildung und besuchte die Filmschule Coaching Company Berlin. Neben Film- und Fernseharbeit, u.a. in den Filmen \u201eTodesengel\u201c, \u201eDie Liebe &hellip; <\/p>\n<p class=\"link-more\"><a href=\"https:\/\/musik.martha-pfaffeneder.com\/?page_id=357\" class=\"more-link\">Mehr <span class=\"screen-reader-text\">\u00fcber &#8222;Vita&#8220; <\/span>Lesen<\/a><\/p>\n","protected":false},"author":1,"featured_media":0,"parent":0,"menu_order":0,"comment_status":"closed","ping_status":"closed","template":"","meta":{"_inspiro_hide_title":false,"footnotes":""},"class_list":["post-357","page","type-page","status-publish","hentry"],"_links":{"self":[{"href":"https:\/\/musik.martha-pfaffeneder.com\/index.php?rest_route=\/wp\/v2\/pages\/357","targetHints":{"allow":["GET"]}}],"collection":[{"href":"https:\/\/musik.martha-pfaffeneder.com\/index.php?rest_route=\/wp\/v2\/pages"}],"about":[{"href":"https:\/\/musik.martha-pfaffeneder.com\/index.php?rest_route=\/wp\/v2\/types\/page"}],"author":[{"embeddable":true,"href":"https:\/\/musik.martha-pfaffeneder.com\/index.php?rest_route=\/wp\/v2\/users\/1"}],"replies":[{"embeddable":true,"href":"https:\/\/musik.martha-pfaffeneder.com\/index.php?rest_route=%2Fwp%2Fv2%2Fcomments&post=357"}],"version-history":[{"count":4,"href":"https:\/\/musik.martha-pfaffeneder.com\/index.php?rest_route=\/wp\/v2\/pages\/357\/revisions"}],"predecessor-version":[{"id":366,"href":"https:\/\/musik.martha-pfaffeneder.com\/index.php?rest_route=\/wp\/v2\/pages\/357\/revisions\/366"}],"wp:attachment":[{"href":"https:\/\/musik.martha-pfaffeneder.com\/index.php?rest_route=%2Fwp%2Fv2%2Fmedia&parent=357"}],"curies":[{"name":"wp","href":"https:\/\/api.w.org\/{rel}","templated":true}]}}