{"id":284,"date":"2025-12-12T17:51:42","date_gmt":"2025-12-12T17:51:42","guid":{"rendered":"https:\/\/musik.martha-pfaffeneder.com\/?page_id=284"},"modified":"2026-01-21T09:41:06","modified_gmt":"2026-01-21T09:41:06","slug":"fruehlingserwachen","status":"publish","type":"page","link":"https:\/\/musik.martha-pfaffeneder.com\/?page_id=284","title":{"rendered":"Fr\u00fchlingserwachen"},"content":{"rendered":"\n<div class=\"wp-block-media-text is-stacked-on-mobile\" style=\"grid-template-columns:38% auto\"><figure class=\"wp-block-media-text__media\"><img loading=\"lazy\" decoding=\"async\" width=\"250\" height=\"176\" src=\"https:\/\/musik.martha-pfaffeneder.com\/wp-content\/uploads\/2025\/12\/flieder.jpg\" alt=\"\" class=\"wp-image-285 size-full\"\/><\/figure><div class=\"wp-block-media-text__content\">\n<h2 class=\"wp-block-heading\"><em>&#8222;Wenn der wei\u00dfe Flieder wieder bl\u00fcht&#8220;<\/em><\/h2>\n<\/div><\/div>\n\n\n\n<p>Sehnsucht und Aufbruch im M\u00e4rz, April und Mai in Prosa und Lyrik, eine musikalisch umrahmte romantische Zeitreise durch die Wonnemonate. Leise Zwischent\u00f6ne, heitere Liebesbekundungen und sehnsuchtsvolles Schw\u00e4rmen. Erlesenes aus dem letzten Jahrhundert bis in die Gegenwart.<\/p>\n\n\n\n<p><strong>Liedausz\u00fcge<\/strong><\/p>\n\n\n\n<ul class=\"wp-block-list\">\n<li>In einer Nacht im Mai<\/li>\n\n\n\n<li>Veronika, der Lenz ist da<\/li>\n\n\n\n<li>Ein Lied geht um die Welt<\/li>\n\n\n\n<li>Was eine Frau im Fr\u00fchling tr\u00e4umt<\/li>\n\n\n\n<li>Tulpen aus Amsterdam<\/li>\n\n\n\n<li>Die ersten Veilchen im Monat M\u00e4rz<\/li>\n\n\n\n<li>In der Nacht ist der Mensch nicht gern alleine<\/li>\n<\/ul>\n\n\n\n<p>Kompositionen von Peter Kreuder, Walter Jurmann, Paul Lincke, Franz Doelle und Volksweisen.<\/p>\n\n\n\n<p><strong>Textausz\u00fcge<\/strong><\/p>\n\n\n\n<ul class=\"wp-block-list\">\n<li>Osterspaziergang (J.W. von Goethe)<\/li>\n\n\n\n<li>Leise zieht durch mein Gem\u00fct (Heinrich Heine)<\/li>\n\n\n\n<li>Fr\u00fchling l\u00e4sst sein blaues Band (Eduard M\u00f6rike)<\/li>\n\n\n\n<li>Atmosph\u00e4rische Konflikte (Erich K\u00e4stner)<\/li>\n<\/ul>\n\n\n\n<p><strong>Text und Gesang: Martha Pfaffeneder<br>Klavier: Jens Karsten Stoll&nbsp;<\/strong><\/p>\n\n\n\n<p>Dauer: 60-90 Minuten<\/p>\n\n\n\n<h3 class=\"wp-block-heading\">Bild aus dem Programm<\/h3>\n\n\n\n<figure class=\"wp-block-gallery has-nested-images columns-default is-cropped wp-block-gallery-1 is-layout-flex wp-block-gallery-is-layout-flex\">\n<figure class=\"wp-block-image size-large\"><img loading=\"lazy\" decoding=\"async\" width=\"450\" height=\"344\" data-id=\"290\" src=\"https:\/\/musik.martha-pfaffeneder.com\/wp-content\/uploads\/2025\/12\/martha_fruehling.jpg\" alt=\"\" class=\"wp-image-290\" srcset=\"https:\/\/musik.martha-pfaffeneder.com\/wp-content\/uploads\/2025\/12\/martha_fruehling.jpg 450w, https:\/\/musik.martha-pfaffeneder.com\/wp-content\/uploads\/2025\/12\/martha_fruehling-300x229.jpg 300w\" sizes=\"auto, (max-width: 450px) 100vw, 450px\" \/><\/figure>\n\n\n\n<figure class=\"wp-block-image size-large\"><img loading=\"lazy\" decoding=\"async\" width=\"1024\" height=\"694\" data-id=\"288\" src=\"https:\/\/musik.martha-pfaffeneder.com\/wp-content\/uploads\/2025\/12\/platzhalter-3-1024x694.jpg\" alt=\"\" class=\"wp-image-288\" srcset=\"https:\/\/musik.martha-pfaffeneder.com\/wp-content\/uploads\/2025\/12\/platzhalter-3-1024x694.jpg 1024w, https:\/\/musik.martha-pfaffeneder.com\/wp-content\/uploads\/2025\/12\/platzhalter-3-300x203.jpg 300w, https:\/\/musik.martha-pfaffeneder.com\/wp-content\/uploads\/2025\/12\/platzhalter-3.jpg 1069w\" sizes=\"auto, (max-width: 1024px) 100vw, 1024px\" \/><\/figure>\n\n\n\n<figure class=\"wp-block-image size-large\"><img loading=\"lazy\" decoding=\"async\" width=\"1024\" height=\"694\" data-id=\"289\" src=\"https:\/\/musik.martha-pfaffeneder.com\/wp-content\/uploads\/2025\/12\/platzhalter01-3-1024x694.jpg\" alt=\"\" class=\"wp-image-289\" srcset=\"https:\/\/musik.martha-pfaffeneder.com\/wp-content\/uploads\/2025\/12\/platzhalter01-3-1024x694.jpg 1024w, https:\/\/musik.martha-pfaffeneder.com\/wp-content\/uploads\/2025\/12\/platzhalter01-3-300x203.jpg 300w, https:\/\/musik.martha-pfaffeneder.com\/wp-content\/uploads\/2025\/12\/platzhalter01-3.jpg 1069w\" sizes=\"auto, (max-width: 1024px) 100vw, 1024px\" \/><\/figure>\n<\/figure>\n\n\n\n<p><a href=\"https:\/\/musik.martha-pfaffeneder.com\/wp-content\/uploads\/2026\/fruehling.pdf\" target=\"_blank\" rel=\"noreferrer noopener\">Plakat <\/a>downloaden<\/p>\n\n\n\n<figure class=\"wp-block-image size-full\"><img loading=\"lazy\" decoding=\"async\" width=\"302\" height=\"426\" src=\"https:\/\/musik.martha-pfaffeneder.com\/wp-content\/uploads\/2026\/01\/fruehling-klein.jpg\" alt=\"\" class=\"wp-image-683\" srcset=\"https:\/\/musik.martha-pfaffeneder.com\/wp-content\/uploads\/2026\/01\/fruehling-klein.jpg 302w, https:\/\/musik.martha-pfaffeneder.com\/wp-content\/uploads\/2026\/01\/fruehling-klein-213x300.jpg 213w\" sizes=\"auto, (max-width: 302px) 100vw, 302px\" \/><\/figure>\n\n\n\n<p><\/p>\n","protected":false},"excerpt":{"rendered":"<p>&#8222;Wenn der wei\u00dfe Flieder wieder bl\u00fcht&#8220; Sehnsucht und Aufbruch im M\u00e4rz, April und Mai in Prosa und Lyrik, eine musikalisch umrahmte romantische Zeitreise durch die Wonnemonate. Leise Zwischent\u00f6ne, heitere Liebesbekundungen und sehnsuchtsvolles Schw\u00e4rmen. Erlesenes aus dem letzten Jahrhundert bis in die Gegenwart. Liedausz\u00fcge Kompositionen von Peter Kreuder, Walter Jurmann, Paul Lincke, Franz Doelle und Volksweisen. &hellip; <\/p>\n<p class=\"link-more\"><a href=\"https:\/\/musik.martha-pfaffeneder.com\/?page_id=284\" class=\"more-link\">Mehr <span class=\"screen-reader-text\">\u00fcber &#8222;Fr\u00fchlingserwachen&#8220; <\/span>Lesen<\/a><\/p>\n","protected":false},"author":1,"featured_media":0,"parent":0,"menu_order":0,"comment_status":"closed","ping_status":"closed","template":"","meta":{"_inspiro_hide_title":false,"footnotes":""},"class_list":["post-284","page","type-page","status-publish","hentry"],"_links":{"self":[{"href":"https:\/\/musik.martha-pfaffeneder.com\/index.php?rest_route=\/wp\/v2\/pages\/284","targetHints":{"allow":["GET"]}}],"collection":[{"href":"https:\/\/musik.martha-pfaffeneder.com\/index.php?rest_route=\/wp\/v2\/pages"}],"about":[{"href":"https:\/\/musik.martha-pfaffeneder.com\/index.php?rest_route=\/wp\/v2\/types\/page"}],"author":[{"embeddable":true,"href":"https:\/\/musik.martha-pfaffeneder.com\/index.php?rest_route=\/wp\/v2\/users\/1"}],"replies":[{"embeddable":true,"href":"https:\/\/musik.martha-pfaffeneder.com\/index.php?rest_route=%2Fwp%2Fv2%2Fcomments&post=284"}],"version-history":[{"count":4,"href":"https:\/\/musik.martha-pfaffeneder.com\/index.php?rest_route=\/wp\/v2\/pages\/284\/revisions"}],"predecessor-version":[{"id":684,"href":"https:\/\/musik.martha-pfaffeneder.com\/index.php?rest_route=\/wp\/v2\/pages\/284\/revisions\/684"}],"wp:attachment":[{"href":"https:\/\/musik.martha-pfaffeneder.com\/index.php?rest_route=%2Fwp%2Fv2%2Fmedia&parent=284"}],"curies":[{"name":"wp","href":"https:\/\/api.w.org\/{rel}","templated":true}]}}