{"id":276,"date":"2025-12-12T17:46:41","date_gmt":"2025-12-12T17:46:41","guid":{"rendered":"https:\/\/musik.martha-pfaffeneder.com\/?page_id=276"},"modified":"2026-01-27T14:41:18","modified_gmt":"2026-01-27T14:41:18","slug":"wiener-neujahrskonzert","status":"publish","type":"page","link":"https:\/\/musik.martha-pfaffeneder.com\/?page_id=276","title":{"rendered":"Wiener Neujahrskonzert"},"content":{"rendered":"\n<div class=\"wp-block-media-text is-stacked-on-mobile\" style=\"grid-template-columns:29% auto\"><figure class=\"wp-block-media-text__media\"><img loading=\"lazy\" decoding=\"async\" width=\"200\" height=\"267\" src=\"https:\/\/musik.martha-pfaffeneder.com\/wp-content\/uploads\/2025\/12\/johannstr.jpg\" alt=\"\" class=\"wp-image-277 size-full\"\/><\/figure><div class=\"wp-block-media-text__content\">\n<h2 class=\"wp-block-heading\"><em>&#8222;Du sollst der Kaiser meiner Seele sein&#8220;<br>Foto: privat<\/em><\/h2>\n<\/div><\/div>\n\n\n\n<p>Die&nbsp;<strong>Wiener S\u00e4ngerin Martha Pfaffeneder<\/strong>&nbsp;erz\u00e4hlt Biographisches von den gro\u00dfen&nbsp;<strong>\u201eOperettenk\u00f6nigen\u201c Strau\u00df, Lehar und Stolz<\/strong>. Sie entf\u00fchrt uns mit Operetten- und Walzermelodien in ihre sch\u00f6ne Heimatstadt und verzaubert mit charmanten Geschichten \u00fcber die Liebe.<\/p>\n\n\n\n<p><strong>Johann Strauss (Sohn)<\/strong><\/p>\n\n\n\n<ul class=\"wp-block-list\">\n<li>Donauwalzer&nbsp;&amp; Wiener Blut<\/li>\n\n\n\n<li>Tratsch-Polka<\/li>\n\n\n\n<li>aus der Operette \u201eDie Fledermaus\u201c: Trinke, Liebchen, trinke schnell &amp; Br\u00fcderlein und Schwesterlein<\/li>\n\n\n\n<li>aus dem Film: \u201eKaiserwalzer\u201c: Heut macht die Welt Sonntag f\u00fcr mich<\/li>\n<\/ul>\n\n\n\n<p><strong>Franz Lehar<\/strong><\/p>\n\n\n\n<ul class=\"wp-block-list\">\n<li>aus der Operette \u201eDie lustige Witwe\u201c: Lippen schweigen<\/li>\n\n\n\n<li>aus der Operette \u201eLand des L\u00e4chelns\u201c: Dein ist mein ganzes Herz<\/li>\n\n\n\n<li>aus der Operette: \u201eZwei Herzen im Dreivierteltakt\u201c: Zwei Herzen im Dreivierteltakt<\/li>\n\n\n\n<li>Mein Liebeslied muss ein Walzer sein<\/li>\n\n\n\n<li>Im Prater bl\u00fchn wieder die B\u00e4ume<\/li>\n\n\n\n<li>Du sollst der Kaiser meiner Seele sein<\/li>\n<\/ul>\n\n\n\n<p><strong>Robert Stolz<\/strong><\/p>\n\n\n\n<p><\/p>\n\n\n\n<p><strong><strong>Gesang und Texte: Martha Pfaffeneder<br>Klavier:&nbsp;Chris Szachnowski<\/strong><\/strong><\/p>\n\n\n\n<p>Dauer: 60 Minuten<\/p>\n\n\n\n<p><\/p>\n\n\n\n<p><strong>Bilder zum Programm<\/strong><\/p>\n\n\n\n<figure class=\"wp-block-gallery has-nested-images columns-default is-cropped wp-block-gallery-1 is-layout-flex wp-block-gallery-is-layout-flex\">\n<figure class=\"wp-block-image size-large\"><img loading=\"lazy\" decoding=\"async\" width=\"450\" height=\"294\" data-id=\"282\" src=\"https:\/\/musik.martha-pfaffeneder.com\/wp-content\/uploads\/2025\/12\/hs_njkonzert_450.jpg\" alt=\"\" class=\"wp-image-282\" srcset=\"https:\/\/musik.martha-pfaffeneder.com\/wp-content\/uploads\/2025\/12\/hs_njkonzert_450.jpg 450w, https:\/\/musik.martha-pfaffeneder.com\/wp-content\/uploads\/2025\/12\/hs_njkonzert_450-300x196.jpg 300w\" sizes=\"auto, (max-width: 450px) 100vw, 450px\" \/><\/figure>\n\n\n\n<figure class=\"wp-block-image size-large\"><img loading=\"lazy\" decoding=\"async\" width=\"454\" height=\"600\" data-id=\"281\" src=\"https:\/\/musik.martha-pfaffeneder.com\/wp-content\/uploads\/2025\/12\/martha_neujahr.jpg\" alt=\"\" class=\"wp-image-281\" srcset=\"https:\/\/musik.martha-pfaffeneder.com\/wp-content\/uploads\/2025\/12\/martha_neujahr.jpg 454w, https:\/\/musik.martha-pfaffeneder.com\/wp-content\/uploads\/2025\/12\/martha_neujahr-227x300.jpg 227w\" sizes=\"auto, (max-width: 454px) 100vw, 454px\" \/><\/figure>\n\n\n\n<figure class=\"wp-block-image size-large\"><img loading=\"lazy\" decoding=\"async\" width=\"1024\" height=\"694\" data-id=\"280\" src=\"https:\/\/musik.martha-pfaffeneder.com\/wp-content\/uploads\/2025\/12\/platzhalter01-2-1024x694.jpg\" alt=\"\" class=\"wp-image-280\" srcset=\"https:\/\/musik.martha-pfaffeneder.com\/wp-content\/uploads\/2025\/12\/platzhalter01-2-1024x694.jpg 1024w, https:\/\/musik.martha-pfaffeneder.com\/wp-content\/uploads\/2025\/12\/platzhalter01-2-300x203.jpg 300w, https:\/\/musik.martha-pfaffeneder.com\/wp-content\/uploads\/2025\/12\/platzhalter01-2.jpg 1069w\" sizes=\"auto, (max-width: 1024px) 100vw, 1024px\" \/><\/figure>\n<\/figure>\n\n\n\n<p><\/p>\n\n\n\n<p><\/p>\n","protected":false},"excerpt":{"rendered":"<p>&#8222;Du sollst der Kaiser meiner Seele sein&#8220;Foto: privat Die&nbsp;Wiener S\u00e4ngerin Martha Pfaffeneder&nbsp;erz\u00e4hlt Biographisches von den gro\u00dfen&nbsp;\u201eOperettenk\u00f6nigen\u201c Strau\u00df, Lehar und Stolz. Sie entf\u00fchrt uns mit Operetten- und Walzermelodien in ihre sch\u00f6ne Heimatstadt und verzaubert mit charmanten Geschichten \u00fcber die Liebe. Johann Strauss (Sohn) Franz Lehar Robert Stolz Gesang und Texte: Martha PfaffenederKlavier:&nbsp;Chris Szachnowski Dauer: 60 Minuten &hellip; <\/p>\n<p class=\"link-more\"><a href=\"https:\/\/musik.martha-pfaffeneder.com\/?page_id=276\" class=\"more-link\">Mehr <span class=\"screen-reader-text\">\u00fcber &#8222;Wiener Neujahrskonzert&#8220; <\/span>Lesen<\/a><\/p>\n","protected":false},"author":1,"featured_media":0,"parent":0,"menu_order":0,"comment_status":"closed","ping_status":"closed","template":"","meta":{"_inspiro_hide_title":false,"footnotes":""},"class_list":["post-276","page","type-page","status-publish","hentry"],"_links":{"self":[{"href":"https:\/\/musik.martha-pfaffeneder.com\/index.php?rest_route=\/wp\/v2\/pages\/276","targetHints":{"allow":["GET"]}}],"collection":[{"href":"https:\/\/musik.martha-pfaffeneder.com\/index.php?rest_route=\/wp\/v2\/pages"}],"about":[{"href":"https:\/\/musik.martha-pfaffeneder.com\/index.php?rest_route=\/wp\/v2\/types\/page"}],"author":[{"embeddable":true,"href":"https:\/\/musik.martha-pfaffeneder.com\/index.php?rest_route=\/wp\/v2\/users\/1"}],"replies":[{"embeddable":true,"href":"https:\/\/musik.martha-pfaffeneder.com\/index.php?rest_route=%2Fwp%2Fv2%2Fcomments&post=276"}],"version-history":[{"count":5,"href":"https:\/\/musik.martha-pfaffeneder.com\/index.php?rest_route=\/wp\/v2\/pages\/276\/revisions"}],"predecessor-version":[{"id":700,"href":"https:\/\/musik.martha-pfaffeneder.com\/index.php?rest_route=\/wp\/v2\/pages\/276\/revisions\/700"}],"wp:attachment":[{"href":"https:\/\/musik.martha-pfaffeneder.com\/index.php?rest_route=%2Fwp%2Fv2%2Fmedia&parent=276"}],"curies":[{"name":"wp","href":"https:\/\/api.w.org\/{rel}","templated":true}]}}