{"id":153,"date":"2025-12-11T16:53:17","date_gmt":"2025-12-11T16:53:17","guid":{"rendered":"https:\/\/musik.martha-pfaffeneder.com\/?page_id=153"},"modified":"2026-01-21T09:25:30","modified_gmt":"2026-01-21T09:25:30","slug":"eine-frau-wird-erst-schoen-durch-die-liebe","status":"publish","type":"page","link":"https:\/\/musik.martha-pfaffeneder.com\/?page_id=153","title":{"rendered":"Eine Frau wird erst sch\u00f6n durch die Liebe"},"content":{"rendered":"\n<p><strong>Zarah Leander<\/strong><\/p>\n\n\n\n<div class=\"wp-block-media-text is-stacked-on-mobile\" style=\"grid-template-columns:31% auto\"><figure class=\"wp-block-media-text__media\"><img loading=\"lazy\" decoding=\"async\" width=\"250\" height=\"375\" src=\"https:\/\/musik.martha-pfaffeneder.com\/wp-content\/uploads\/2025\/12\/zaraleander-3.jpg\" alt=\"\" class=\"wp-image-154 size-full\" srcset=\"https:\/\/musik.martha-pfaffeneder.com\/wp-content\/uploads\/2025\/12\/zaraleander-3.jpg 250w, https:\/\/musik.martha-pfaffeneder.com\/wp-content\/uploads\/2025\/12\/zaraleander-3-200x300.jpg 200w\" sizes=\"auto, (max-width: 250px) 100vw, 250px\" \/><\/figure><div class=\"wp-block-media-text__content\">\n<h2 class=\"wp-block-heading\"><em>Ich bin eine Frau, die wei\u00df was sie will &#8230;<br>Foto: D. Spoler<\/em><\/h2>\n<\/div><\/div>\n\n\n\n<p><strong>Zarah Leander<\/strong>&nbsp;\u2013 die gro\u00dfe Diva mit ihrer einzigartigen dunklen Stimme, ihrem besonderen Talent&nbsp;und ihrer unvergleichlichen Anziehungskraft.<\/p>\n\n\n\n<ul class=\"wp-block-list\">\n<li>Lieder und Texte, die Zarah unvergesslich werden lie\u00dfen und deren Inhalte zeitlos aktuell bleiben,<\/li>\n\n\n\n<li>die an ihren Mythos und die Gr\u00f6\u00dfe ihrer Auftritte erinnern und die Stimmung einer Zeit voller Widerspr\u00fcche spiegeln,<\/li>\n\n\n\n<li>die die Menschlichkeit der gro\u00dfen Diva zeigen.<\/li>\n<\/ul>\n\n\n\n<p>geboren am 15.3.1907 in Karlstat (S)<br>gestorben am 23.6.1981 in Stockholm<\/p>\n\n\n\n<p><strong>Liedausz\u00fcge<\/strong><\/p>\n\n\n\n<ul class=\"wp-block-list\">\n<li>Heut Abend lad ich mir die Liebe ein!  <\/li>\n\n\n\n<li>Ich bin eine Frau, die wei\u00df was sie will  <\/li>\n\n\n\n<li>Merci mon Amie<\/li>\n\n\n\n<li>Der Wind hat mir ein Lied erz\u00e4hlt<\/li>\n\n\n\n<li>Davon geht die Welt nicht unter<\/li>\n\n\n\n<li>Nur nicht aus Liebe weinen<\/li>\n\n\n\n<li>Ich steh im Regen<\/li>\n\n\n\n<li>Ich wei\u00df, es wird einmal ein Wunder geschehen<\/li>\n<\/ul>\n\n\n\n<p><strong>Gesang und Texte: Martha Pfaffeneder<br>Klavier und Texte: Jens Karsten Stoll<\/strong><\/p>\n\n\n\n<p>Dauer: 60\u201390 min.<\/p>\n\n\n\n<p><a href=\"https:\/\/musik.martha-pfaffeneder.com\/?page_id=590\">Pressespiegel<\/a><\/p>\n\n\n\n<p><strong>Fotos zum Programm<\/strong><a href=\"https:\/\/www.martha-pfaffeneder.com\/index.php?eID=tx_cms_showpic&amp;file=uploads%2Fpics%2FDonau_P_011.jpg&amp;md5=e92a00446c245f7cfa231232129669eb48d1c65d&amp;parameters[0]=YTo0OntzOjU6IndpZHRoIjtzOjQ6IjgwMG0iO3M6NjoiaGVpZ2h0IjtzOjQ6IjYw&amp;parameters[1]=MG0iO3M6NzoiYm9keVRhZyI7czo4MjoiPEJPRFkgYmdDb2xvcj13aGl0ZSBsZWZ0&amp;parameters[2]=bWFyZ2luPSIwIiB0b3BtYXJnaW49IjAiIG1hcmdpbndpZHRoPSIwIiBtYXJnaW5o&amp;parameters[3]=ZWlnaHQ9IjAiPiI7czo0OiJ3cmFwIjtzOjM3OiI8QSBocmVmPSJqYXZhc2NyaXB0&amp;parameters[4]=OmNsb3NlKCk7Ij4gfCA8L0E%2BIjt9\"><\/a><\/p>\n\n\n\n<figure class=\"wp-block-gallery has-nested-images columns-default is-cropped wp-block-gallery-1 is-layout-flex wp-block-gallery-is-layout-flex\">\n<figure class=\"wp-block-image size-large\"><img loading=\"lazy\" decoding=\"async\" width=\"480\" height=\"600\" data-id=\"159\" src=\"https:\/\/musik.martha-pfaffeneder.com\/wp-content\/uploads\/2025\/12\/zara01.jpg\" alt=\"\" class=\"wp-image-159\" srcset=\"https:\/\/musik.martha-pfaffeneder.com\/wp-content\/uploads\/2025\/12\/zara01.jpg 480w, https:\/\/musik.martha-pfaffeneder.com\/wp-content\/uploads\/2025\/12\/zara01-240x300.jpg 240w\" sizes=\"auto, (max-width: 480px) 100vw, 480px\" \/><\/figure>\n\n\n\n<figure class=\"wp-block-image size-large\"><img loading=\"lazy\" decoding=\"async\" width=\"400\" height=\"600\" data-id=\"158\" src=\"https:\/\/musik.martha-pfaffeneder.com\/wp-content\/uploads\/2025\/12\/zara02.jpg\" alt=\"\" class=\"wp-image-158\" srcset=\"https:\/\/musik.martha-pfaffeneder.com\/wp-content\/uploads\/2025\/12\/zara02.jpg 400w, https:\/\/musik.martha-pfaffeneder.com\/wp-content\/uploads\/2025\/12\/zara02-200x300.jpg 200w\" sizes=\"auto, (max-width: 400px) 100vw, 400px\" \/><\/figure>\n\n\n\n<figure class=\"wp-block-image size-large\"><img loading=\"lazy\" decoding=\"async\" width=\"400\" height=\"600\" data-id=\"157\" src=\"https:\/\/musik.martha-pfaffeneder.com\/wp-content\/uploads\/2025\/12\/zuara03.jpg\" alt=\"\" class=\"wp-image-157\" srcset=\"https:\/\/musik.martha-pfaffeneder.com\/wp-content\/uploads\/2025\/12\/zuara03.jpg 400w, https:\/\/musik.martha-pfaffeneder.com\/wp-content\/uploads\/2025\/12\/zuara03-200x300.jpg 200w\" sizes=\"auto, (max-width: 400px) 100vw, 400px\" \/><\/figure>\n<\/figure>\n\n\n\n<p>Fotos: D. Spolert<\/p>\n\n\n\n<p><a href=\"https:\/\/musik.martha-pfaffeneder.com\/wp-content\/uploads\/2026\/ZL_o.pdf\" target=\"_blank\" rel=\"noreferrer noopener\">Flyer <\/a>downloaden<\/p>\n\n\n\n<figure class=\"wp-block-image size-full\"><img loading=\"lazy\" decoding=\"async\" width=\"128\" height=\"180\" src=\"https:\/\/musik.martha-pfaffeneder.com\/wp-content\/uploads\/2026\/01\/ZL-klein.jpg\" alt=\"\" class=\"wp-image-664\"\/><\/figure>\n","protected":false},"excerpt":{"rendered":"<p>Zarah Leander Ich bin eine Frau, die wei\u00df was sie will &#8230;Foto: D. Spoler Zarah Leander&nbsp;\u2013 die gro\u00dfe Diva mit ihrer einzigartigen dunklen Stimme, ihrem besonderen Talent&nbsp;und ihrer unvergleichlichen Anziehungskraft. geboren am 15.3.1907 in Karlstat (S)gestorben am 23.6.1981 in Stockholm Liedausz\u00fcge Gesang und Texte: Martha PfaffenederKlavier und Texte: Jens Karsten Stoll Dauer: 60\u201390 min. Pressespiegel &hellip; <\/p>\n<p class=\"link-more\"><a href=\"https:\/\/musik.martha-pfaffeneder.com\/?page_id=153\" class=\"more-link\">Mehr <span class=\"screen-reader-text\">\u00fcber &#8222;Eine Frau wird erst sch\u00f6n durch die Liebe&#8220; <\/span>Lesen<\/a><\/p>\n","protected":false},"author":1,"featured_media":0,"parent":0,"menu_order":0,"comment_status":"closed","ping_status":"closed","template":"","meta":{"_inspiro_hide_title":false,"footnotes":""},"class_list":["post-153","page","type-page","status-publish","hentry"],"_links":{"self":[{"href":"https:\/\/musik.martha-pfaffeneder.com\/index.php?rest_route=\/wp\/v2\/pages\/153","targetHints":{"allow":["GET"]}}],"collection":[{"href":"https:\/\/musik.martha-pfaffeneder.com\/index.php?rest_route=\/wp\/v2\/pages"}],"about":[{"href":"https:\/\/musik.martha-pfaffeneder.com\/index.php?rest_route=\/wp\/v2\/types\/page"}],"author":[{"embeddable":true,"href":"https:\/\/musik.martha-pfaffeneder.com\/index.php?rest_route=\/wp\/v2\/users\/1"}],"replies":[{"embeddable":true,"href":"https:\/\/musik.martha-pfaffeneder.com\/index.php?rest_route=%2Fwp%2Fv2%2Fcomments&post=153"}],"version-history":[{"count":8,"href":"https:\/\/musik.martha-pfaffeneder.com\/index.php?rest_route=\/wp\/v2\/pages\/153\/revisions"}],"predecessor-version":[{"id":665,"href":"https:\/\/musik.martha-pfaffeneder.com\/index.php?rest_route=\/wp\/v2\/pages\/153\/revisions\/665"}],"wp:attachment":[{"href":"https:\/\/musik.martha-pfaffeneder.com\/index.php?rest_route=%2Fwp%2Fv2%2Fmedia&parent=153"}],"curies":[{"name":"wp","href":"https:\/\/api.w.org\/{rel}","templated":true}]}}